{"id":335,"date":"2020-11-26T13:49:37","date_gmt":"2020-11-26T12:49:37","guid":{"rendered":"https:\/\/www.mr-expo.be\/infos-pratique\/"},"modified":"2025-03-12T15:02:03","modified_gmt":"2025-03-12T14:02:03","slug":"infos-pratique","status":"publish","type":"page","link":"https:\/\/www.mr-expo.be\/fr\/infos-pratique\/","title":{"rendered":"Infos pratique"},"content":{"rendered":"\t\t<div data-elementor-type=\"wp-page\" data-elementor-id=\"335\" class=\"elementor elementor-335 elementor-163\" data-elementor-post-type=\"page\">\n\t\t\t\t\t\t<section class=\"elementor-section elementor-top-section elementor-element elementor-element-613aa58 elementor-section-full_width elementor-section-height-default elementor-section-height-default\" data-id=\"613aa58\" data-element_type=\"section\" data-settings=\"{&quot;background_background&quot;:&quot;classic&quot;}\">\n\t\t\t\t\t\t<div class=\"elementor-container elementor-column-gap-default\">\n\t\t\t\t\t<div class=\"elementor-column elementor-col-100 elementor-top-column elementor-element elementor-element-a29a035\" data-id=\"a29a035\" data-element_type=\"column\">\n\t\t\t<div class=\"elementor-widget-wrap elementor-element-populated\">\n\t\t\t\t\t\t<div class=\"elementor-element elementor-element-bc7fe82 elementor-widget elementor-widget-text-editor\" data-id=\"bc7fe82\" data-element_type=\"widget\" data-widget_type=\"text-editor.default\">\n\t\t\t\t<div class=\"elementor-widget-container\">\n\t\t\t\t\t\t\t\t\t<h1>Infos pratique<\/h1>\n\t\t\t\t\t\t\t\t<\/div>\n\t\t\t\t<\/div>\n\t\t\t\t<div class=\"elementor-element elementor-element-7a5b86c elementor-widget elementor-widget-text-editor\" data-id=\"7a5b86c\" data-element_type=\"widget\" data-widget_type=\"text-editor.default\">\n\t\t\t\t<div class=\"elementor-widget-container\">\n\t\t\t\t\t\t\t\t\t<h2>2 JOURS &#8211; 3 \u00c9V\u00c9NEMENTS &#8211; 1 LIEU<\/h2>\n\t\t\t\t\t\t\t\t<\/div>\n\t\t\t\t<\/div>\n\t\t\t\t\t<\/div>\n\t\t<\/div>\n\t\t\t\t\t<\/div>\n\t\t<\/section>\n\t\t\t\t<section class=\"elementor-section elementor-top-section elementor-element elementor-element-509c6425 elementor-section-content-middle elementor-section-boxed elementor-section-height-default elementor-section-height-default\" data-id=\"509c6425\" data-element_type=\"section\" data-settings=\"{&quot;background_background&quot;:&quot;classic&quot;}\">\n\t\t\t\t\t\t<div class=\"elementor-container elementor-column-gap-no\">\n\t\t\t\t\t<div class=\"elementor-column elementor-col-33 elementor-top-column elementor-element elementor-element-b7eeb4e\" data-id=\"b7eeb4e\" data-element_type=\"column\" data-settings=\"{&quot;background_background&quot;:&quot;classic&quot;}\">\n\t\t\t<div class=\"elementor-widget-wrap elementor-element-populated\">\n\t\t\t\t\t\t<div class=\"elementor-element elementor-element-e4c093c elementor-view-default elementor-widget elementor-widget-icon\" data-id=\"e4c093c\" data-element_type=\"widget\" data-widget_type=\"icon.default\">\n\t\t\t\t<div class=\"elementor-widget-container\">\n\t\t\t\t\t\t\t<div class=\"elementor-icon-wrapper\">\n\t\t\t<div class=\"elementor-icon\">\n\t\t\t<i aria-hidden=\"true\" class=\"far fa-calendar-alt\"><\/i>\t\t\t<\/div>\n\t\t<\/div>\n\t\t\t\t\t\t<\/div>\n\t\t\t\t<\/div>\n\t\t\t\t<div class=\"elementor-element elementor-element-041c0ce elementor-widget elementor-widget-text-editor\" data-id=\"041c0ce\" data-element_type=\"widget\" data-widget_type=\"text-editor.default\">\n\t\t\t\t<div class=\"elementor-widget-container\">\n\t\t\t\t\t\t\t\t\t<h3>DATE<\/h3>\n\t\t\t\t\t\t\t\t<\/div>\n\t\t\t\t<\/div>\n\t\t\t\t<div class=\"elementor-element elementor-element-3a80c20 elementor-widget elementor-widget-text-editor\" data-id=\"3a80c20\" data-element_type=\"widget\" data-widget_type=\"text-editor.default\">\n\t\t\t\t<div class=\"elementor-widget-container\">\n\t\t\t\t\t\t\t\t\t<p>Mercredi 26 Mars 2025<br \/>\n10h00 &#8211; 18h00<br \/>\n(Afterwork drink de 18h)<\/p>\n<p>Jeudi 27 Mars 2025<br \/>\n10h00 \u2013 18h00<\/p>\n\t\t\t\t\t\t\t\t<\/div>\n\t\t\t\t<\/div>\n\t\t\t\t\t<\/div>\n\t\t<\/div>\n\t\t\t\t<div class=\"elementor-column elementor-col-33 elementor-top-column elementor-element elementor-element-8d71cb9\" data-id=\"8d71cb9\" data-element_type=\"column\" data-settings=\"{&quot;background_background&quot;:&quot;classic&quot;}\">\n\t\t\t<div class=\"elementor-widget-wrap elementor-element-populated\">\n\t\t\t\t\t\t<div class=\"elementor-element elementor-element-2109e76 elementor-view-default elementor-widget elementor-widget-icon\" data-id=\"2109e76\" data-element_type=\"widget\" data-widget_type=\"icon.default\">\n\t\t\t\t<div class=\"elementor-widget-container\">\n\t\t\t\t\t\t\t<div class=\"elementor-icon-wrapper\">\n\t\t\t<div class=\"elementor-icon\">\n\t\t\t<i aria-hidden=\"true\" class=\"fas fa-map-marker-alt\"><\/i>\t\t\t<\/div>\n\t\t<\/div>\n\t\t\t\t\t\t<\/div>\n\t\t\t\t<\/div>\n\t\t\t\t<div class=\"elementor-element elementor-element-86be803 elementor-widget elementor-widget-text-editor\" data-id=\"86be803\" data-element_type=\"widget\" data-widget_type=\"text-editor.default\">\n\t\t\t\t<div class=\"elementor-widget-container\">\n\t\t\t\t\t\t\t\t\t<h3>O\u00d9?<\/h3>\n\t\t\t\t\t\t\t\t<\/div>\n\t\t\t\t<\/div>\n\t\t\t\t<div class=\"elementor-element elementor-element-a0effcf elementor-widget elementor-widget-text-editor\" data-id=\"a0effcf\" data-element_type=\"widget\" data-widget_type=\"text-editor.default\">\n\t\t\t\t<div class=\"elementor-widget-container\">\n\t\t\t\t\t\t\t\t\t<p>Antwerp Expo<\/p>\n<p><span style=\"font-size: 15px;\">Jan van Rijswijcklaan 191<\/span><\/p>\n<p>2020 Anvers<\/p>\n\t\t\t\t\t\t\t\t<\/div>\n\t\t\t\t<\/div>\n\t\t\t\t\t<\/div>\n\t\t<\/div>\n\t\t\t\t<div class=\"elementor-column elementor-col-33 elementor-top-column elementor-element elementor-element-31cbd26\" data-id=\"31cbd26\" data-element_type=\"column\" data-settings=\"{&quot;background_background&quot;:&quot;classic&quot;}\">\n\t\t\t<div class=\"elementor-widget-wrap elementor-element-populated\">\n\t\t\t\t\t\t<div class=\"elementor-element elementor-element-62b93d0 elementor-view-default elementor-widget elementor-widget-icon\" data-id=\"62b93d0\" data-element_type=\"widget\" data-widget_type=\"icon.default\">\n\t\t\t\t<div class=\"elementor-widget-container\">\n\t\t\t\t\t\t\t<div class=\"elementor-icon-wrapper\">\n\t\t\t<div class=\"elementor-icon\">\n\t\t\t<i aria-hidden=\"true\" class=\"fas fa-share-alt\"><\/i>\t\t\t<\/div>\n\t\t<\/div>\n\t\t\t\t\t\t<\/div>\n\t\t\t\t<\/div>\n\t\t\t\t<div class=\"elementor-element elementor-element-82c00f7 elementor-widget elementor-widget-text-editor\" data-id=\"82c00f7\" data-element_type=\"widget\" data-widget_type=\"text-editor.default\">\n\t\t\t\t<div class=\"elementor-widget-container\">\n\t\t\t\t\t\t\t\t\t<h3>SIMULTAN\u00c9MENT AVEC<\/h3>\n\t\t\t\t\t\t\t\t<\/div>\n\t\t\t\t<\/div>\n\t\t\t\t<div class=\"elementor-element elementor-element-a6035c4 elementor-widget elementor-widget-text-editor\" data-id=\"a6035c4\" data-element_type=\"widget\" data-widget_type=\"text-editor.default\">\n\t\t\t\t<div class=\"elementor-widget-container\">\n\t\t\t\t\t\t\t\t\t<p>M + R se d\u00e9roule simultan\u00e9ment avec<a href=\"https:\/\/www.pumps-valves-expo.be\/fr\/\"><b>\u00a0<\/b><\/a>et<a href=\"https:\/\/www.maintenance-expo.be\/fr\/\"><strong> Maintenance<\/strong><\/a><\/p>\n\t\t\t\t\t\t\t\t<\/div>\n\t\t\t\t<\/div>\n\t\t\t\t\t<\/div>\n\t\t<\/div>\n\t\t\t\t\t<\/div>\n\t\t<\/section>\n\t\t\t\t<section class=\"elementor-section elementor-top-section elementor-element elementor-element-088deec elementor-section-boxed elementor-section-height-default elementor-section-height-default\" data-id=\"088deec\" data-element_type=\"section\">\n\t\t\t\t\t\t<div class=\"elementor-container elementor-column-gap-default\">\n\t\t\t\t\t<div class=\"elementor-column elementor-col-100 elementor-top-column elementor-element elementor-element-7196fde\" data-id=\"7196fde\" data-element_type=\"column\">\n\t\t\t<div class=\"elementor-widget-wrap elementor-element-populated\">\n\t\t\t\t\t\t<div class=\"elementor-element elementor-element-f218491 elementor-hidden-desktop elementor-hidden-tablet elementor-hidden-mobile elementor-widget elementor-widget-toggle\" data-id=\"f218491\" data-element_type=\"widget\" data-widget_type=\"toggle.default\">\n\t\t\t\t<div class=\"elementor-widget-container\">\n\t\t\t\t\t\t\t<div class=\"elementor-toggle\">\n\t\t\t\t\t\t\t<div class=\"elementor-toggle-item\">\n\t\t\t\t\t<div id=\"elementor-tab-title-2531\" class=\"elementor-tab-title\" data-tab=\"1\" role=\"button\" aria-controls=\"elementor-tab-content-2531\" aria-expanded=\"false\">\n\t\t\t\t\t\t\t\t\t\t\t\t<span class=\"elementor-toggle-icon elementor-toggle-icon-left\" aria-hidden=\"true\">\n\t\t\t\t\t\t\t\t\t\t\t\t\t\t\t<span class=\"elementor-toggle-icon-closed\"><i class=\"fas fa-caret-right\"><\/i><\/span>\n\t\t\t\t\t\t\t\t<span class=\"elementor-toggle-icon-opened\"><i class=\"elementor-toggle-icon-opened fas fa-caret-up\"><\/i><\/span>\n\t\t\t\t\t\t\t\t\t\t\t\t\t<\/span>\n\t\t\t\t\t\t\t\t\t\t\t\t<a class=\"elementor-toggle-title\" tabindex=\"0\">Covid-19<\/a>\n\t\t\t\t\t<\/div>\n\n\t\t\t\t\t<div id=\"elementor-tab-content-2531\" class=\"elementor-tab-content elementor-clearfix\" data-tab=\"1\" role=\"region\" aria-labelledby=\"elementor-tab-title-2531\"><p>Anvers, le 7 mars 2022<\/p>\n<p>400 exposants cr\u00e9ent le plus grand salon industriel jamais organis\u00e9 des technologies de liquides et de gaz, des techniques de mesure et de r\u00e9gulation et de la maintenance orient\u00e9e production \u00e0 Antwerp expo.<\/p>\n<p>Les 23 et 24 mars 2022, 3 salons industriels joueront \u00e0 guichet ferm\u00e9 \u00e0 Antwerp expo: Pumps &amp; Valves, Maintenance et M+R accueilleront le nombre record de 400 exposants dans les 5 halls d\u2019exposition. Soit 18.500 m\u00b2 de solutions d\u00e9di\u00e9es aux pompes industrielles, aux vannes, aux \u00e9tanch\u00e9it\u00e9s, \u00e0 l\u2019instrumentation de process, \u00e0 l\u2019automatisation, \u00e0 la maintenance et \u00e0 la gestion des actifs.<\/p>\n<p>3 salons industriels r\u00e9unis pour la premi\u00e8re fois<br \/>\nDepuis 2012, le salon duo Maintenance et Pumps &amp; Valves est organis\u00e9 avec succ\u00e8s \u00e0 Antwerp expo les ann\u00e9es paires. Les ann\u00e9es impaires sont r\u00e9serv\u00e9es aux salons Worksafe, M+R (techniques de mesure et de r\u00e9gulation) et Maintenance en tant que triple \u00e9v\u00e9nement \u00e0 Antwerp expo. Suite au cas de force majeure li\u00e9e au Covid-19, l\u2019\u00e9dition de Maintenance et Pumps &amp; Valves en mars 2020 n\u2019a pas pu avoir lieu. Et \u00e9tant donn\u00e9 qu\u2019aucun salon ni \u00e9v\u00e9nement en direct ne pouvait \u00eatre organis\u00e9 au printemps de 2021 suite aux mesures gouvernementales, l\u2019agenda des salons devenait un puzzle complexe.<br \/>\nComme le salon M+R des techniques de mesure et de r\u00e9gulation pour l\u2019industrie de process est th\u00e9matiquement tr\u00e8s compl\u00e9mentaire aux technologies expos\u00e9es \u00e0 Pumps &amp; Valves et Maintenance, nous avons d\u00e9cid\u00e9 en f\u00e9vrier 2021 d\u2019organiser pour la premi\u00e8re fois depuis leur existence ces 3 salons majeurs ensemble en mars 2022.<br \/>\nL\u2019objectif principal de cette strat\u00e9gie est de donner un nouvel \u00e9lan aux exposants, aux partenaires et aux visiteurs des diverses industries dans un timing qu\u2019ils connaissent bien (le mois de mars). Un grand moment qui ne peut avoir lieu que dans une p\u00e9riode o\u00f9 l\u2019organisation de salons est \u00e0 nouveau autoris\u00e9e.<br \/>\nProfitons \u00e0 nouveau de toute la puissance des rencontres en face \u00e0 face sans restrictions!<br \/>\nAu cours de ces 2 derni\u00e8res ann\u00e9es, nous avons pu d\u00e9couvrir \u00e0 la fois la simplicit\u00e9 et les limites des outils de communication num\u00e9riques. Les r\u00e9unions Zoom, Teams ou Webex nous ont formidablement aid\u00e9 \u00e0 garder le fil de nos communications mais les rencontres en face \u00e0 face sont finalement irrempla\u00e7ables quand il s\u2019agit de premiers contacts, d\u2019entretiens commerciaux, de r\u00e9unions techniques complexes, de transferts de connaissances ou de discussions informelles.<br \/>\nA Pumps &amp; Valves, Maintenance et M+R \u2013 les 23 et 24 mars 2022 \u2013 ce sera la premi\u00e8re fois depuis le d\u00e9but de la pand\u00e9mie il y a deux ans que les visiteurs et les exposants se retrouveront au salon sans mesures restrictives. Un merveilleux moment que tout le monde attend avec impatience.<br \/>\nDes nouveaux th\u00e8mes comme l\u2019hydrog\u00e8ne, les techniques li\u00e9es \u00e0 la vapeur et 15 autres master classes \u00e0 suivre en direct.<br \/>\nUn programme parall\u00e8le riche en contenus et plus de 15 master classes seront organis\u00e9es en direct pendant Pumps &amp; Valves, Maintenance et M+R 2022.<br \/>\nHydrog\u00e8ne. En collaboration avec Waterstofnet.eu, nous planifions le mercredi 23 mars une master classe sur l\u2019\u00e9tat des lieux du r\u00e9seau d\u2019hydrog\u00e8ne en Flandre et aux Pays-Bas. Outre un aper\u00e7u des plans futurs, la master classe abordera les aspects techniques auxquels les installations \u00e0 hydrog\u00e8ne doivent satisfaire. Les 3 salons accueilleront plus de 400 fournisseurs et leurs meilleures technologies en mati\u00e8re de pompes, de vannes, d\u2019\u00e9tanch\u00e9it\u00e9s, de techniques de mesure, de tuyauterie, \u2026 et de maintenance. Cette session pertinente devrait aussi int\u00e9resser nos exposants.<br \/>\nTechniques li\u00e9es \u00e0 la vapeur. Une grande partie de la consommation \u00e9nerg\u00e9tique de l\u2019industrie en Belgique est li\u00e9e \u00e0 la production de chaleur dans les processus de production. Avec Energik vzw, l\u2019association flamande pour les technologies de l\u2019environnement et de l\u2019\u00e9nergie, nous organisons le jeudi 24 mars le Stoomtechniekdag 2022 qui fera le point sur la configuration, la maintenance et les performances des installations de vapeur.<br \/>\nTechnologie d\u2019analyseur de process. En partenariat avec ie-net, une master classe sp\u00e9cifique est organis\u00e9e sur le th\u00e8me de la technologie d\u2019analyseur de process \u00e0 l\u2019\u00e8re 4.0. D\u2019autres associations professionnelles comme la BEMAS, EHEDG, VMX &#8230; pr\u00e9voient des master classes.<br \/>\nLe programme complet des master classes gratuites peut \u00eatre consult\u00e9 sur les sites web des 3 salons professionnels.<\/p>\n<p>Innovations \u00e0 d\u00e9couvrir parmi les exposants<br \/>\nSuite \u00e0 la pr\u00e9sentation de nombreuses innovations, les visiteurs auront \u00e0 nouveau l\u2019opportunit\u00e9 de suivre un itin\u00e9raire avec un guide pour d\u00e9couvrir les innovations chez les exposants. Par ailleurs, 4 innovations awards seront d\u00e9cern\u00e9s aux meilleures innovations: le BEMAS Maintenance Digital Innovation Award et le BEMAS Maintenance Innovation Award, le M+R Innovation award et enfin le Valves Innovation Award. La remise des awards aura lieu le vendredi 23 mars \u00e0 18h00 au bar de r\u00e9seautage dans le hall 3.<\/p>\n<p>Informations pratiques<br \/>\nLes salons Pumps &amp; Valves, Maintenance et M+R sont accessibles le mercredi 23 mars de 10h.00 \u00e0 19h00 et le jeudi 24 mars de 10h.00 \u00e0 18h00. Les 5 halls d\u2019exposition d\u2019Antwerp expo affichent complets avec une offre de 400 exposants jamais atteinte auparavant. Mis \u00e0 part les appareils de surveillance de la qualit\u00e9 de l\u2019air dans les halls, il n\u2019y a plus de mesures restrictives pour les exposants et les visiteurs.<\/p>\n<p>\u00c0 propos d\u2019Easyfairs<br \/>\nEasyfairs organise des \u00e9v\u00e9nements qui offrent une vision d\u2019avenir aux visiteurs et connectent les communaut\u00e9s.<br \/>\nLe groupe organise actuellement 200 \u00e9v\u00e9nements en face \u00e0 face dans 14 pays et g\u00e8re 8 sites \u00e9v\u00e9nementiels en Belgique, aux Pays-Bas et en Su\u00e8de. Easyfairs emploie plus de 600 personnes. En Belgique, Easyfairs organise 30 \u00e9v\u00e8nements chaque ann\u00e9e et g\u00e8re 4 sites \u00e9v\u00e9nementiels: Flanders Expo (Gand), Antwerp Expo, Nekkerhal-Brussels North (Malines) et Namur Expo.<\/p>\n<p>\u2018Simplifier\u2019 la vie de nos clients nous anime. Avec nos outils num\u00e9riques et nos initiatives, nous permettons aux communaut\u00e9s de r\u00e9seauter et de faire des affaires efficacement toute l\u2019ann\u00e9e.<br \/>\nEn 2018, Easyfairs a \u00e9t\u00e9 d\u00e9clar\u00e9 &lsquo;Entrepreneur of the Year\u00ae&rsquo; en Belgique et est reconnu comme \u201cGreat Place to Work\u201d. En 2021, Deloitte a \u00e9lu Easyfairs \u201cBest Managed Company\u201d pour la troisi\u00e8me ann\u00e9e cons\u00e9cutive.<br \/>\nL\u2019entreprise figure dans le top 17 mondial des organisateurs de salons.<br \/>\n\u2018Visit the future\u2019 avec Easyfairs, rendez-vous sur www.easyfairs.com<\/p>\n<p>Information &amp; contact presse<br \/>\nDieter Wilssens<br \/>\nGroup event director<br \/>\neasyfairs Belgium<br \/>\n+32 (0)3 280 53 40<\/p>\n<\/div>\n\t\t\t\t<\/div>\n\t\t\t\t\t\t\t\t<\/div>\n\t\t\t\t\t\t<\/div>\n\t\t\t\t<\/div>\n\t\t\t\t\t<\/div>\n\t\t<\/div>\n\t\t\t\t\t<\/div>\n\t\t<\/section>\n\t\t\t\t<section class=\"elementor-section elementor-top-section elementor-element elementor-element-3e27438 elementor-section-boxed elementor-section-height-default elementor-section-height-default\" data-id=\"3e27438\" data-element_type=\"section\">\n\t\t\t\t\t\t<div class=\"elementor-container elementor-column-gap-default\">\n\t\t\t\t\t<div class=\"elementor-column elementor-col-100 elementor-top-column elementor-element elementor-element-5558593\" data-id=\"5558593\" data-element_type=\"column\">\n\t\t\t<div class=\"elementor-widget-wrap elementor-element-populated\">\n\t\t\t\t\t\t<div class=\"elementor-element elementor-element-6ba5100 elementor-widget elementor-widget-text-editor\" data-id=\"6ba5100\" data-element_type=\"widget\" data-widget_type=\"text-editor.default\">\n\t\t\t\t<div class=\"elementor-widget-container\">\n\t\t\t\t\t\t\t\t\t<h2>ACCESSIBILIT\u00c9<\/h2>\n\t\t\t\t\t\t\t\t<\/div>\n\t\t\t\t<\/div>\n\t\t\t\t\t<\/div>\n\t\t<\/div>\n\t\t\t\t\t<\/div>\n\t\t<\/section>\n\t\t\t\t<section class=\"elementor-section elementor-top-section elementor-element elementor-element-e08930e elementor-section-boxed elementor-section-height-default elementor-section-height-default\" data-id=\"e08930e\" data-element_type=\"section\">\n\t\t\t\t\t\t<div class=\"elementor-container elementor-column-gap-default\">\n\t\t\t\t\t<div class=\"elementor-column elementor-col-50 elementor-top-column elementor-element elementor-element-d72ae19\" data-id=\"d72ae19\" data-element_type=\"column\">\n\t\t\t<div class=\"elementor-widget-wrap elementor-element-populated\">\n\t\t\t\t\t\t<div class=\"elementor-element elementor-element-c13dc5e elementor-widget elementor-widget-toggle\" data-id=\"c13dc5e\" data-element_type=\"widget\" data-widget_type=\"toggle.default\">\n\t\t\t\t<div class=\"elementor-widget-container\">\n\t\t\t\t\t\t\t<div class=\"elementor-toggle\">\n\t\t\t\t\t\t\t<div class=\"elementor-toggle-item\">\n\t\t\t\t\t<div id=\"elementor-tab-title-2021\" class=\"elementor-tab-title\" data-tab=\"1\" role=\"button\" aria-controls=\"elementor-tab-content-2021\" aria-expanded=\"false\">\n\t\t\t\t\t\t\t\t\t\t\t\t<span class=\"elementor-toggle-icon elementor-toggle-icon-left\" aria-hidden=\"true\">\n\t\t\t\t\t\t\t\t\t\t\t\t\t\t\t<span class=\"elementor-toggle-icon-closed\"><i class=\"fas fa-caret-right\"><\/i><\/span>\n\t\t\t\t\t\t\t\t<span class=\"elementor-toggle-icon-opened\"><i class=\"elementor-toggle-icon-opened fas fa-caret-up\"><\/i><\/span>\n\t\t\t\t\t\t\t\t\t\t\t\t\t<\/span>\n\t\t\t\t\t\t\t\t\t\t\t\t<a class=\"elementor-toggle-title\" tabindex=\"0\">En voiture<\/a>\n\t\t\t\t\t<\/div>\n\n\t\t\t\t\t<div id=\"elementor-tab-content-2021\" class=\"elementor-tab-content elementor-clearfix\" data-tab=\"1\" role=\"region\" aria-labelledby=\"elementor-tab-title-2021\"><ul>\n<li><strong>Venant de Bruxelles via l\u2019 E19 :\u00a0<\/strong>prenez la sortie5a\/\u00a0\u00bbAntwerpen-Centrum\u00a0\u00bb. Aux feux, tournez \u00e0 gauche, direction Singel-Zuid. Au deuxi\u00e8me feu, tournez \u00e0 gauche dans la Jan van Rijswijcklaan.<\/li>\n<li><strong>Venant de Gand\u00a0<\/strong>via l\u2019 E17\u00a0: prenez la sortie 5 \u00ab\u00a0Wilrijk\/Berchem\u00a0\u00bb, prenez directement \u00e0 droite et puis encore la premi\u00e8re \u00e0 droite \u00e0 la pompe \u00e0 essence ESSO. \u00c0 la fin de la route, tournez \u00e0 droite dans la Jan van Rijswijcklaan. Apr\u00e8s vous verrez Antwerp Expo \u00e0 votre droite.<\/li>\n<li><strong>Venant de Breda, Hasselt ou Turnhout\u00a0<\/strong><strong>:\u00a0<\/strong>prenez le ring en direction de Bruxelles. Prenez la sortie 5 \u00ab\u00a0Wilrijk\u00a0\u00bb. Aux feux, vous verrez une fl\u00e8che pour Antwerp expo devant vous. Apr\u00e8s le Crowne Plaza Hotel, tournez \u00e0 gauche et puis prenez \u00e0 droite \u00e0 la fin de la rue. Vous verrez Antwerp Expo \u00e0 votre droite.<\/li>\n<li><\/li>\n<\/ul>\n<\/div>\n\t\t\t\t<\/div>\n\t\t\t\t\t\t\t<div class=\"elementor-toggle-item\">\n\t\t\t\t\t<div id=\"elementor-tab-title-2022\" class=\"elementor-tab-title\" data-tab=\"2\" role=\"button\" aria-controls=\"elementor-tab-content-2022\" aria-expanded=\"false\">\n\t\t\t\t\t\t\t\t\t\t\t\t<span class=\"elementor-toggle-icon elementor-toggle-icon-left\" aria-hidden=\"true\">\n\t\t\t\t\t\t\t\t\t\t\t\t\t\t\t<span class=\"elementor-toggle-icon-closed\"><i class=\"fas fa-caret-right\"><\/i><\/span>\n\t\t\t\t\t\t\t\t<span class=\"elementor-toggle-icon-opened\"><i class=\"elementor-toggle-icon-opened fas fa-caret-up\"><\/i><\/span>\n\t\t\t\t\t\t\t\t\t\t\t\t\t<\/span>\n\t\t\t\t\t\t\t\t\t\t\t\t<a class=\"elementor-toggle-title\" tabindex=\"0\">\u00e0 v\u00e9lo<\/a>\n\t\t\t\t\t<\/div>\n\n\t\t\t\t\t<div id=\"elementor-tab-content-2022\" class=\"elementor-tab-content elementor-clearfix\" data-tab=\"2\" role=\"region\" aria-labelledby=\"elementor-tab-title-2022\"><p>Louez un v\u00e9lo de ville aupr\u00e8s de Velo Antwerp. Il y a une zone de stockage juste \u00e0 l&rsquo;ext\u00e9rieur d&rsquo;Antwerp Expo.<\/p>\n<\/div>\n\t\t\t\t<\/div>\n\t\t\t\t\t\t\t\t<\/div>\n\t\t\t\t\t\t<\/div>\n\t\t\t\t<\/div>\n\t\t\t\t\t<\/div>\n\t\t<\/div>\n\t\t\t\t<div class=\"elementor-column elementor-col-50 elementor-top-column elementor-element elementor-element-2451c46\" data-id=\"2451c46\" data-element_type=\"column\">\n\t\t\t<div class=\"elementor-widget-wrap elementor-element-populated\">\n\t\t\t\t\t\t<div class=\"elementor-element elementor-element-c5efa24 elementor-widget elementor-widget-toggle\" data-id=\"c5efa24\" data-element_type=\"widget\" data-widget_type=\"toggle.default\">\n\t\t\t\t<div class=\"elementor-widget-container\">\n\t\t\t\t\t\t\t<div class=\"elementor-toggle\">\n\t\t\t\t\t\t\t<div class=\"elementor-toggle-item\">\n\t\t\t\t\t<div id=\"elementor-tab-title-2071\" class=\"elementor-tab-title\" data-tab=\"1\" role=\"button\" aria-controls=\"elementor-tab-content-2071\" aria-expanded=\"false\">\n\t\t\t\t\t\t\t\t\t\t\t\t<span class=\"elementor-toggle-icon elementor-toggle-icon-left\" aria-hidden=\"true\">\n\t\t\t\t\t\t\t\t\t\t\t\t\t\t\t<span class=\"elementor-toggle-icon-closed\"><i class=\"fas fa-caret-right\"><\/i><\/span>\n\t\t\t\t\t\t\t\t<span class=\"elementor-toggle-icon-opened\"><i class=\"elementor-toggle-icon-opened fas fa-caret-up\"><\/i><\/span>\n\t\t\t\t\t\t\t\t\t\t\t\t\t<\/span>\n\t\t\t\t\t\t\t\t\t\t\t\t<a class=\"elementor-toggle-title\" tabindex=\"0\">Transport en commun<\/a>\n\t\t\t\t\t<\/div>\n\n\t\t\t\t\t<div id=\"elementor-tab-content-2071\" class=\"elementor-tab-content elementor-clearfix\" data-tab=\"1\" role=\"region\" aria-labelledby=\"elementor-tab-title-2071\"><ul>\n<li><strong>En train (SNCB)<\/strong>\n<div class=\"ce-default-layout\">\n<div>\n<div class=\"ce-textmedia \">\n<div class=\"ce-textmedia-item\">\n<div>\n<p>Prenez le train jusqu\u2019\u00e0 la gare d\u2019Anvers-Central. De la gare, prenez le tram 2, le tram 6 ou le bus 17.\u00a0Plus d\u2019informations sur\u00a0<a href=\"http:\/\/www.belgianrail.be\/\" target=\"_blank\" rel=\"noopener\">www.belgianrail.be<\/a>.<\/p>\n<\/div>\n<\/div>\n<\/div>\n<\/div>\n<\/div>\n<\/li>\n<li><strong>Tram (De Lijn)<\/strong>: Tram 2: Merksem \u2013 Hoboken (direction Hoboken) en Tram 6: Luchtbal \u2013 Olympiade (direction Olympiade). Les trams s\u2019arr\u00eatent juste devant l\u2019entr\u00e9e d\u2019Antwerp Expo. Plus d\u2019informations sur\u00a0<a href=\"http:\/\/www.delijn.be\/\" target=\"_blank\" rel=\"noopener\">www.delijn.be<\/a>.\n<div class=\"pure-u-1 pure-u-md-1-2\">\n<div class=\"ce-default-layout\"><\/div>\n<\/div>\n<\/li>\n<li><strong>Bus (De Lijn)<\/strong>: Bus 17: Rijnkaai \u2013 Centraal Station \u2013 UZA (direction UZA) et bus 22: Groenplaats \u2013 Valaar \u2013 UZA (direction UZA). Plus d\u2019informations\u00a0<a href=\"http:\/\/www.delijn.be\/\">www.delijn.be<\/a>.<\/li>\n<\/ul>\n<\/div>\n\t\t\t\t<\/div>\n\t\t\t\t\t\t\t<div class=\"elementor-toggle-item\">\n\t\t\t\t\t<div id=\"elementor-tab-title-2072\" class=\"elementor-tab-title\" data-tab=\"2\" role=\"button\" aria-controls=\"elementor-tab-content-2072\" aria-expanded=\"false\">\n\t\t\t\t\t\t\t\t\t\t\t\t<span class=\"elementor-toggle-icon elementor-toggle-icon-left\" aria-hidden=\"true\">\n\t\t\t\t\t\t\t\t\t\t\t\t\t\t\t<span class=\"elementor-toggle-icon-closed\"><i class=\"fas fa-caret-right\"><\/i><\/span>\n\t\t\t\t\t\t\t\t<span class=\"elementor-toggle-icon-opened\"><i class=\"elementor-toggle-icon-opened fas fa-caret-up\"><\/i><\/span>\n\t\t\t\t\t\t\t\t\t\t\t\t\t<\/span>\n\t\t\t\t\t\t\t\t\t\t\t\t<a class=\"elementor-toggle-title\" tabindex=\"0\">Stationnement<\/a>\n\t\t\t\t\t<\/div>\n\n\t\t\t\t\t<div id=\"elementor-tab-content-2072\" class=\"elementor-tab-content elementor-clearfix\" data-tab=\"2\" role=\"region\" aria-labelledby=\"elementor-tab-title-2072\"><ul>\n<li>Vous pouvez stationner sur\u00a0<strong>le parking<\/strong><b>\u00a0payant\u00a0<\/b>au parking de visiteurs Vogelzang \u00e0 c\u00f4t\u00e9 d\u2019Antwerp Expo.<\/li>\n<li>Vous pouvez stationner<b>\u00a0gratuitement\u00a0<\/b>sur la route publique sur le Vogelzanglaan et des plusieurs parking dans les environs.<\/li>\n<li><\/li>\n<\/ul>\n<\/div>\n\t\t\t\t<\/div>\n\t\t\t\t\t\t\t\t<\/div>\n\t\t\t\t\t\t<\/div>\n\t\t\t\t<\/div>\n\t\t\t\t\t<\/div>\n\t\t<\/div>\n\t\t\t\t\t<\/div>\n\t\t<\/section>\n\t\t\t\t<\/div>\n\t\t","protected":false},"excerpt":{"rendered":"<p>Infos pratique 2 JOURS &#8211; 3 \u00c9V\u00c9NEMENTS &#8211; 1 LIEU DATE Mercredi 26 Mars 2025 10h00 &#8211; 18h00 (Afterwork drink de 18h) Jeudi 27 Mars 2025 10h00 \u2013 18h00 O\u00d9? Antwerp Expo Jan van Rijswijcklaan 191 2020 Anvers SIMULTAN\u00c9MENT AVEC M + R se d\u00e9roule simultan\u00e9ment avec\u00a0et Maintenance Covid-19 Anvers, le 7 mars 2022 400 [&hellip;]<\/p>\n","protected":false},"author":933,"featured_media":0,"parent":0,"menu_order":0,"comment_status":"closed","ping_status":"closed","template":"","meta":{"_seopress_robots_primary_cat":"","_seopress_titles_title":"Infos pratique - M+R 2025","_seopress_titles_desc":"Comment se rendre \u00e0 M+R Antwerp Expo ? Voiture - v\u00e9lo - transports publics","_seopress_robots_index":"","footnotes":""},"class_list":["post-335","page","type-page","status-publish","hentry"],"_links":{"self":[{"href":"https:\/\/www.mr-expo.be\/fr\/wp-json\/wp\/v2\/pages\/335","targetHints":{"allow":["GET"]}}],"collection":[{"href":"https:\/\/www.mr-expo.be\/fr\/wp-json\/wp\/v2\/pages"}],"about":[{"href":"https:\/\/www.mr-expo.be\/fr\/wp-json\/wp\/v2\/types\/page"}],"author":[{"embeddable":true,"href":"https:\/\/www.mr-expo.be\/fr\/wp-json\/wp\/v2\/users\/933"}],"replies":[{"embeddable":true,"href":"https:\/\/www.mr-expo.be\/fr\/wp-json\/wp\/v2\/comments?post=335"}],"version-history":[{"count":5,"href":"https:\/\/www.mr-expo.be\/fr\/wp-json\/wp\/v2\/pages\/335\/revisions"}],"predecessor-version":[{"id":391751,"href":"https:\/\/www.mr-expo.be\/fr\/wp-json\/wp\/v2\/pages\/335\/revisions\/391751"}],"wp:attachment":[{"href":"https:\/\/www.mr-expo.be\/fr\/wp-json\/wp\/v2\/media?parent=335"}],"curies":[{"name":"wp","href":"https:\/\/api.w.org\/{rel}","templated":true}]}}